{"id":3241,"date":"2019-02-03T10:09:09","date_gmt":"2019-02-03T09:09:09","guid":{"rendered":"https:\/\/attentionmedia.se\/demo\/large\/karosseriverken\/?page_id=3241"},"modified":"2019-10-22T11:51:10","modified_gmt":"2019-10-22T09:51:10","slug":"kontakt","status":"publish","type":"page","link":"https:\/\/attentionmedia.se\/demo\/large\/karosseriverken\/kontakt\/","title":{"rendered":"Kontakt"},"content":{"rendered":"<p>[et_pb_section fb_built=&#8221;1&#8243; _builder_version=&#8221;3.18.7&#8243; background_color=&#8221;#f3f3f3&#8243; custom_padding=&#8221;0|0px|0|0px|false|false&#8221; global_module=&#8221;3469&#8243; saved_tabs=&#8221;all&#8221;][et_pb_row _builder_version=&#8221;3.25&#8243;][et_pb_column type=&#8221;4_4&#8243; _builder_version=&#8221;3.0.47&#8243; custom_padding=&#8221;|||&#8221; custom_padding__hover=&#8221;|||&#8221;][et_pb_code module_class=&#8221;breadcrumbs&#8221; _builder_version=&#8221;3.18.7&#8243;]<span><span><a href=\"https:\/\/attentionmedia.se\/demo\/large\/karosseriverken\/\">Hem<\/a><\/span>[\/et_pb_code][\/et_pb_column][\/et_pb_row][\/et_pb_section][et_pb_section fb_built=&#8221;1&#8243; _builder_version=&#8221;3.22.3&#8243;][et_pb_row _builder_version=&#8221;3.25&#8243;][et_pb_column type=&#8221;4_4&#8243; _builder_version=&#8221;3.25&#8243; custom_padding=&#8221;|||&#8221; custom_padding__hover=&#8221;|||&#8221;][et_pb_post_title meta=&#8221;off&#8221; featured_image=&#8221;off&#8221; _builder_version=&#8221;3.19.18&#8243;][\/et_pb_post_title][\/et_pb_column][\/et_pb_row][et_pb_row column_structure=&#8221;1_3,1_3,1_3&#8243; module_class=&#8221;minska-kursiv-text&#8221; _builder_version=&#8221;3.25&#8243;][et_pb_column type=&#8221;1_3&#8243; _builder_version=&#8221;3.25&#8243; custom_padding=&#8221;|||&#8221; custom_padding__hover=&#8221;|||&#8221;][et_pb_text _builder_version=&#8221;3.24.1&#8243; custom_margin=&#8221;||10px&#8221; custom_padding=&#8221;||&#8221;]<\/p>\n<h2>Marknad \/ f\u00f6rs\u00e4ljning<\/h2>\n<p>[\/et_pb_text][et_pb_text _builder_version=&#8221;3.24.1&#8243; text_font=&#8221;||||||||&#8221; header_font=&#8221;||||||||&#8221; header_2_font=&#8221;||||||||&#8221;]<\/p>\n<p><strong>Joakim Persson<\/strong><br \/>F\u00f6rs\u00e4ljningschef<br \/> <a href=\"tel:+46457450641\">+46 (0)457-45 06 81<\/a><br \/><a href=\"mailto:joakim.persson@nordicvehicle.se\">joakim.persson@nordicvehicle.se<\/a><\/p>\n<p><b>Emmy Karlsson<\/b><br \/> S\u00e4ljkoordinator<br \/> <a href=\"tel:+46457450633\">+46 (0)457-45 06 33<\/a><br \/> <a href=\"mailto:emmy.karlsson@attentionmedia.se\">emmy.karlsson@attentionmedia.se<\/a><\/p>\n<p><b>Tommy Pettersson<br \/> <\/b>S\u00e4lj<br \/> <a href=\"tel:+46457450652\">+46-(0)457-45 06 52<\/a><br \/> <a href=\"mailto:tommy.pettersson@attentionmedia.se\">tommy.pettersson@attentionmedia.se<\/a><\/p>\n<p><b>Mikael Jansson<\/b><br \/> S\u00e4lj<br \/> <a href=\"tel:+46457450656\">+46 (0)457-45 06 56<\/a><br \/> <a href=\"mailto:mikael.jansson@attentionmedia.se\">mikael.jansson@attentionmedia.se<\/a><\/p>\n<p><b>Michael Olsson<\/b><br \/> S\u00e4lj<br \/> <a href=\"tel:+46457450675\">+46 (0)457-45 06 75<\/a><br \/> <a href=\"mailto:michael.olsson@attentionmedia.se\">michael.olsson@attentionmedia.se<\/a><\/p>\n<p>[\/et_pb_text][\/et_pb_column][et_pb_column type=&#8221;1_3&#8243; _builder_version=&#8221;3.25&#8243; custom_padding=&#8221;|||&#8221; custom_padding__hover=&#8221;|||&#8221;][et_pb_text _builder_version=&#8221;3.23.3&#8243;]<\/p>\n<h2>Reservdelar<\/h2>\n<p><strong>F\u00f6r best\u00e4llningar och information om tillbeh\u00f6r\/reservdelar, kontakta:<\/strong><\/p>\n<p>[\/et_pb_text][et_pb_text _builder_version=&#8221;3.26.6&#8243;]<\/p>\n<p><b>Eftermarknad\/Reservdelar<br \/> (f\u00f6rutom lyft\/luftfj\u00e4dring<\/b>)<br \/> <a href=\"tel:+46457450690\">+46 (0)457-45 06 90<\/a><br \/> <a href=\"mailto:order@nordicvehicle.se\">order@nordicvehicle.se<\/a><\/p>\n<p>M\u00e5ndag till Fredag 07.00-16.00<br \/> Lunchst\u00e4ngt 12.00-12.30<br \/> <i>Best\u00e4llning av lagerprodukt som g\u00f6rs innan kl. 12.00\u00a0kan oftast skickas samma dag.<\/i><\/p>\n<p><b>Reservdelar lyft<\/b><br \/> <a href=\"tel:+46457450613\">+46 (0)457-45 06 13<\/a><\/p>\n<p><b>Reservdelar luftfj\u00e4dring<\/b><br \/> <a href=\"+46457450684\">+46 (0)457-45 06 84<\/a><\/p>\n<p><b>Thomas Lundin<\/b><br \/> Eftermarknadschef<br \/> <a href=\"+46457450645\">+46 (0)457-45 06 45<\/a><br \/> <a href=\"mailto:thomas.lundin@nordicvehicle.se\">thomas.lundin@nordicvehicle.se<\/a><\/p>\n<p><b>Tapani Hiitoma<\/b><br \/> Besiktning, garanti, eftermarknad<br \/> <a href=\"tel:+46457450606\">+46 (0)457-45 06 06<\/a><br \/> <a href=\"mailto:tapani.hiitoma@attentionmedia.se\">tapani.hiitoma@attentionmedia.se<\/a><\/p>\n<p>[\/et_pb_text][\/et_pb_column][et_pb_column type=&#8221;1_3&#8243; _builder_version=&#8221;3.25&#8243; custom_padding=&#8221;|||&#8221; custom_padding__hover=&#8221;|||&#8221;][et_pb_text _builder_version=&#8221;3.24.1&#8243; custom_margin=&#8221;||10px&#8221;]<\/p>\n<h2>Produktion<\/h2>\n<p>[\/et_pb_text][et_pb_text _builder_version=&#8221;3.24.1&#8243;]<\/p>\n<p><strong>Kenneth Nestl\u00e9n<\/strong><br \/> <a href=\"tel:+46457450615\">+46 (0)457-45 06 43<\/a><br \/><a href=\"mailto:kenneth.nestlen@eurolans.se\">kenneth.nestlen@eurolans.se<\/a><\/p>\n<p>[\/et_pb_text][et_pb_text _builder_version=&#8221;3.24.1&#8243; custom_margin=&#8221;||10px&#8221;]<\/p>\n<h2>Nordic Vehicle Conversion AB<\/h2>\n<p>[\/et_pb_text][et_pb_text _builder_version=&#8221;3.24.1&#8243;]<\/p>\n<p><b>Stefan Magnusson<\/b><br \/> VD<br \/> Nordic Vehicle Conversion AB<br \/> <a href=\"tel:+46457450641\">+46 (0)457-45 06 41<\/a><br \/> <a href=\"mailto:stefan.magnusson@nordicvehicle.se\">stefan.magnusson@nordicvehicle.se<\/a><\/p>\n<p><b style=\"font-size: 16px;\">Pernilla Nilsson<br \/><\/b><span style=\"font-size: 16px;\">CFO<br \/><\/span><span style=\"font-size: 16px;\">Nordic Vehicle Conversion AB<br \/><\/span><a href=\"tel:+46457450639\" style=\"font-size: 16px;\">+46 (0)457-45 06 39<br \/><\/a><a href=\"mailto:pernilla.nilsson@nordicvehicle.se\" style=\"font-size: 16px;\">pernilla.nilsson@nordicvehicle.se<\/a><\/p>\n<p>[\/et_pb_text][et_pb_text _builder_version=&#8221;3.26.6&#8243; custom_margin=&#8221;||10px&#8221;]<\/p>\n<h2>V\u00e4xel<\/h2>\n<p>[\/et_pb_text][et_pb_text _builder_version=&#8221;3.26.6&#8243;]<\/p>\n<p><a href=\"tel:+46457450615\">+46 (0)457-45 06 00<\/a><br \/> <a href=\"mailto:hakan.ohlsson@attentionmedia.se\"><\/a><a href=\"mailto:info@nordicvehicle.se\">info@nordicvehicle.se<\/a><\/p>\n<p>M\u00e5ndag till Fredag 09.00-15.00<br \/> Lunchst\u00e4ngt 12.00-13.00<\/p>\n<p>[\/et_pb_text][\/et_pb_column][\/et_pb_row][\/et_pb_section]<\/p>\n","protected":false},"excerpt":{"rendered":"<p>[et_pb_section fb_built=&#8221;1&#8243; _builder_version=&#8221;3.18.7&#8243; background_color=&#8221;#f3f3f3&#8243; custom_padding=&#8221;0|0px|0|0px|false|false&#8221; global_module=&#8221;3469&#8243; saved_tabs=&#8221;all&#8221;][et_pb_row _builder_version=&#8221;3.25&#8243;][et_pb_column type=&#8221;4_4&#8243; _builder_version=&#8221;3.0.47&#8243; custom_padding=&#8221;|||&#8221; custom_padding__hover=&#8221;|||&#8221;][et_pb_code module_class=&#8221;breadcrumbs&#8221; _builder_version=&#8221;3.18.7&#8243;][\/et_pb_code][\/et_pb_column][\/et_pb_row][\/et_pb_section][et_pb_section fb_built=&#8221;1&#8243; _builder_version=&#8221;3.22.3&#8243;][et_pb_row _builder_version=&#8221;3.25&#8243;][et_pb_column type=&#8221;4_4&#8243; _builder_version=&#8221;3.25&#8243; custom_padding=&#8221;|||&#8221; custom_padding__hover=&#8221;|||&#8221;][et_pb_post_title meta=&#8221;off&#8221; featured_image=&#8221;off&#8221; _builder_version=&#8221;3.19.18&#8243;][\/et_pb_post_title][\/et_pb_column][\/et_pb_row][et_pb_row column_structure=&#8221;1_3,1_3,1_3&#8243; module_class=&#8221;minska-kursiv-text&#8221; _builder_version=&#8221;3.25&#8243;][et_pb_column type=&#8221;1_3&#8243; _builder_version=&#8221;3.25&#8243; custom_padding=&#8221;|||&#8221; custom_padding__hover=&#8221;|||&#8221;][et_pb_text _builder_version=&#8221;3.24.1&#8243; custom_margin=&#8221;||10px&#8221; custom_padding=&#8221;||&#8221;] Marknad \/ f\u00f6rs\u00e4ljning [\/et_pb_text][et_pb_text _builder_version=&#8221;3.24.1&#8243; text_font=&#8221;||||||||&#8221; header_font=&#8221;||||||||&#8221; header_2_font=&#8221;||||||||&#8221;] Joakim PerssonF\u00f6rs\u00e4ljningschef +46 (0)457-45 06 81joakim.persson@nordicvehicle.se Emmy Karlsson S\u00e4ljkoordinator +46 (0)457-45 06 33 [&hellip;]<\/p>\n","protected":false},"author":1,"featured_media":0,"parent":0,"menu_order":0,"comment_status":"closed","ping_status":"closed","template":"","meta":{"_et_pb_use_builder":"on","_et_pb_old_content":"<!-- wp:divi\/placeholder \/-->","_et_gb_content_width":""},"yoast_head":"<!-- This site is optimized with the Yoast SEO plugin v15.2 - https:\/\/yoast.com\/wordpress\/plugins\/seo\/ -->\n<title>Kontakt - Karosseriverken<\/title>\n<meta name=\"robots\" content=\"noindex, follow, max-snippet:-1, max-image-preview:large, max-video-preview:-1\" \/>\n<meta property=\"og:locale\" content=\"sv_SE\" \/>\n<meta property=\"og:type\" content=\"article\" \/>\n<meta property=\"og:title\" content=\"Kontakt - Karosseriverken\" \/>\n<meta property=\"og:description\" content=\"[et_pb_section fb_built=&#8221;1&#8243; _builder_version=&#8221;3.18.7&#8243; background_color=&#8221;#f3f3f3&#8243; custom_padding=&#8221;0|0px|0|0px|false|false&#8221; global_module=&#8221;3469&#8243; saved_tabs=&#8221;all&#8221;][et_pb_row _builder_version=&#8221;3.25&#8243;][et_pb_column type=&#8221;4_4&#8243; _builder_version=&#8221;3.0.47&#8243; custom_padding=&#8221;|||&#8221; custom_padding__hover=&#8221;|||&#8221;][et_pb_code module_class=&#8221;breadcrumbs&#8221; _builder_version=&#8221;3.18.7&#8243;][\/et_pb_code][\/et_pb_column][\/et_pb_row][\/et_pb_section][et_pb_section fb_built=&#8221;1&#8243; _builder_version=&#8221;3.22.3&#8243;][et_pb_row _builder_version=&#8221;3.25&#8243;][et_pb_column type=&#8221;4_4&#8243; _builder_version=&#8221;3.25&#8243; custom_padding=&#8221;|||&#8221; custom_padding__hover=&#8221;|||&#8221;][et_pb_post_title meta=&#8221;off&#8221; featured_image=&#8221;off&#8221; _builder_version=&#8221;3.19.18&#8243;][\/et_pb_post_title][\/et_pb_column][\/et_pb_row][et_pb_row column_structure=&#8221;1_3,1_3,1_3&#8243; module_class=&#8221;minska-kursiv-text&#8221; _builder_version=&#8221;3.25&#8243;][et_pb_column type=&#8221;1_3&#8243; _builder_version=&#8221;3.25&#8243; custom_padding=&#8221;|||&#8221; custom_padding__hover=&#8221;|||&#8221;][et_pb_text _builder_version=&#8221;3.24.1&#8243; custom_margin=&#8221;||10px&#8221; custom_padding=&#8221;||&#8221;] Marknad \/ f\u00f6rs\u00e4ljning [\/et_pb_text][et_pb_text _builder_version=&#8221;3.24.1&#8243; text_font=&#8221;||||||||&#8221; header_font=&#8221;||||||||&#8221; header_2_font=&#8221;||||||||&#8221;] Joakim PerssonF\u00f6rs\u00e4ljningschef +46 (0)457-45 06 81joakim.persson@nordicvehicle.se Emmy Karlsson S\u00e4ljkoordinator +46 (0)457-45 06 33 [&hellip;]\" \/>\n<meta property=\"og:url\" content=\"https:\/\/attentionmedia.se\/demo\/large\/karosseriverken\/kontakt\/\" \/>\n<meta property=\"og:site_name\" content=\"Karosseriverken\" \/>\n<meta property=\"article:modified_time\" content=\"2019-10-22T09:51:10+00:00\" \/>\n<meta name=\"twitter:card\" content=\"summary_large_image\" \/>\n<meta name=\"twitter:label1\" value=\"Skriven av\">\n\t<meta name=\"twitter:data1\" value=\"Adam\">\n\t<meta name=\"twitter:label2\" value=\"Est. reading time\">\n\t<meta name=\"twitter:data2\" value=\"2 minuter\">\n<script type=\"application\/ld+json\" class=\"yoast-schema-graph\">{\"@context\":\"https:\/\/schema.org\",\"@graph\":[{\"@type\":\"WebSite\",\"@id\":\"https:\/\/attentionmedia.se\/demo\/large\/karosseriverken\/#website\",\"url\":\"https:\/\/attentionmedia.se\/demo\/large\/karosseriverken\/\",\"name\":\"Karosseriverken\",\"description\":\"P\\u00e5byggnationer, handikappsanpassning, f\\u00e4rdtj\\u00e4nst, skolskjuts, taxifordon\",\"potentialAction\":[{\"@type\":\"SearchAction\",\"target\":\"https:\/\/attentionmedia.se\/demo\/large\/karosseriverken\/?s={search_term_string}\",\"query-input\":\"required name=search_term_string\"}],\"inLanguage\":\"sv-SE\"},{\"@type\":\"WebPage\",\"@id\":\"https:\/\/attentionmedia.se\/demo\/large\/karosseriverken\/kontakt\/#webpage\",\"url\":\"https:\/\/attentionmedia.se\/demo\/large\/karosseriverken\/kontakt\/\",\"name\":\"Kontakt - Karosseriverken\",\"isPartOf\":{\"@id\":\"https:\/\/attentionmedia.se\/demo\/large\/karosseriverken\/#website\"},\"datePublished\":\"2019-02-03T09:09:09+00:00\",\"dateModified\":\"2019-10-22T09:51:10+00:00\",\"breadcrumb\":{\"@id\":\"https:\/\/attentionmedia.se\/demo\/large\/karosseriverken\/kontakt\/#breadcrumb\"},\"inLanguage\":\"sv-SE\",\"potentialAction\":[{\"@type\":\"ReadAction\",\"target\":[\"https:\/\/attentionmedia.se\/demo\/large\/karosseriverken\/kontakt\/\"]}]},{\"@type\":\"BreadcrumbList\",\"@id\":\"https:\/\/attentionmedia.se\/demo\/large\/karosseriverken\/kontakt\/#breadcrumb\",\"itemListElement\":[{\"@type\":\"ListItem\",\"position\":1,\"item\":{\"@type\":\"WebPage\",\"@id\":\"https:\/\/attentionmedia.se\/demo\/large\/karosseriverken\/\",\"url\":\"https:\/\/attentionmedia.se\/demo\/large\/karosseriverken\/\",\"name\":\"Hem\"}},{\"@type\":\"ListItem\",\"position\":2,\"item\":{\"@type\":\"WebPage\",\"@id\":\"https:\/\/attentionmedia.se\/demo\/large\/karosseriverken\/kontakt\/\",\"url\":\"https:\/\/attentionmedia.se\/demo\/large\/karosseriverken\/kontakt\/\",\"name\":\"Kontakt\"}}]}]}<\/script>\n<!-- \/ Yoast SEO plugin. -->","_links":{"self":[{"href":"https:\/\/attentionmedia.se\/demo\/large\/karosseriverken\/wp-json\/wp\/v2\/pages\/3241"}],"collection":[{"href":"https:\/\/attentionmedia.se\/demo\/large\/karosseriverken\/wp-json\/wp\/v2\/pages"}],"about":[{"href":"https:\/\/attentionmedia.se\/demo\/large\/karosseriverken\/wp-json\/wp\/v2\/types\/page"}],"author":[{"embeddable":true,"href":"https:\/\/attentionmedia.se\/demo\/large\/karosseriverken\/wp-json\/wp\/v2\/users\/1"}],"replies":[{"embeddable":true,"href":"https:\/\/attentionmedia.se\/demo\/large\/karosseriverken\/wp-json\/wp\/v2\/comments?post=3241"}],"version-history":[{"count":14,"href":"https:\/\/attentionmedia.se\/demo\/large\/karosseriverken\/wp-json\/wp\/v2\/pages\/3241\/revisions"}],"predecessor-version":[{"id":3905,"href":"https:\/\/attentionmedia.se\/demo\/large\/karosseriverken\/wp-json\/wp\/v2\/pages\/3241\/revisions\/3905"}],"wp:attachment":[{"href":"https:\/\/attentionmedia.se\/demo\/large\/karosseriverken\/wp-json\/wp\/v2\/media?parent=3241"}],"curies":[{"name":"wp","href":"https:\/\/api.w.org\/{rel}","templated":true}]}}